{"id":21,"date":"2023-04-03T18:25:01","date_gmt":"2023-04-03T16:25:01","guid":{"rendered":"https:\/\/consolatozurigo.esteri.it\/?page_id=21"},"modified":"2023-04-03T18:25:01","modified_gmt":"2023-04-03T16:25:01","slug":"news","status":"publish","type":"page","link":"https:\/\/consbahiablanca.esteri.it\/it\/news\/","title":{"rendered":"Notizie"},"content":{"rendered":"        <div class=\"row\">\n\t\t\t<!-- Ricerca sedi post -->\n\t\t\t<div class=\"col-12 mt-4\">\n\t\t\t  <div class=\"callout callout-highlight note ricerca-esteri p-4\">\n                    <div class=\"callout-title\">\n                        <svg class=\"icon\">\n                            <use xlink:href=\"https:\/\/consbahiablanca.esteri.it\/wp-content\/themes\/sedi-tema\/assets\/svg\/sprites.svg#it-search\"><\/use>\n                        <\/svg>Inserisci i parametri di ricerca                    <\/div>\n                    <form id=\"searchFormPost\" name=\"form-search-post\" class=\"form-row align-items-center\" action=\"https:\/\/consbahiablanca.esteri.it\/it\/wp-json\/wp\/v2\/pages\/21\/\" method=\"GET\"> \n                        <!-- <div class=\"form-group pt-5\"> -->\n                            <!-- <input type=\"hidden\" id=\"lang\" name=\"lang\" value=\"\"> --> <!-- <\/div> -->\n\n                        <div class=\"it-datepicker-wrapper\">\n                            <div class=\"row\">\n                                <div class=\"form-group col-md-6\">\n                                    <label class=\"active\" for=\"date-init\">Dal<\/label>\n                                    <input class=\"form-control\" name=\"date-init\" id=\"date-init\" type=\"date\" placeholder=\"gg\/mm\/aaaa\" value=\"\"lang=\"en-EN\">  \n                                <\/div>\n                                <div class=\"form-group col-md-6\">\n                                    <label class=\"active\" for=\"date-end\">Al<\/label>\n                                    <input class=\"form-control\" name=\"date-end\" id=\"date-end\" type=\"date\" placeholder=\"gg\/mm\/aaaa\" value=\"\">\n                                <\/div>\n                            <\/div>\n                        <\/div>\n                        <div class=\"form-group col-md-12 mt-3\">\n                            <label for=\"searchText\">Campo ricerca libera<\/label>\n                            <input type=\"text\" name=\"searchText\" class=\"form-control\" id=\"searchText\" value=\"\">\n                        <\/div>\n                        <div class=\"form-group col-md-4 offset-md-8 text-end\">\n                            <a href=\"https:\/\/consbahiablanca.esteri.it\/it\/news\/\" title=\"Form reset\" id=\"resetImput\" class=\"btn btn-outline-primary btn-xs\">Reset<\/a>\n                            <button type=\"submit\" class=\"btn btn-primary btn-xs\">Mostra risultati<\/button>\n                        <\/div>\n                    <\/form>\n\t\t\t\t<\/div>\n\t\t\t<\/div>\n\t\t<\/div>\n                    \n            <div class=\"row\">\n                            <div class=\"col-12 mt-3\">\n                <!--start card-->\n                <div class=\"card-wrapper card-space\">\n                    <div class=\"card card-bg card-big border-bottom-card\">\n                        <div class=\"card-body \">\n                                                        <div class=\"category-top\">\n                                                                                                            <span class=\"\">\n                                        <svg class=\"icon icon-secondary\">\n                                            <use xlink:href=\"https:\/\/consbahiablanca.esteri.it\/wp-content\/themes\/sedi-tema\/assets\/svg\/sprites.svg#it-calendar\"><\/use>\n                                        <\/svg> 1 Settembre 2026                                    <\/span>\n                                                                    <\/div>\n                            <h5 class=\"card-title big-heading text-uppercase\"><a class=\"text-body text-decoration-none\" href=\"https:\/\/consbahiablanca.esteri.it\/it\/news\/dal_consolato\/2026\/09\/pink-donne-del-progetto-grafico-italiano-dalle-origini-alla-contemporaneita-2\/\" title=\"PINK Donne del progetto grafico italiano. Dalle origini alla contemporaneita\u2019\">PINK Donne del progetto grafico italiano. Dalle origini alla contemporaneita\u2019<\/a><\/h5>\n                            <p class=\"card-text\">Sapevi che alcuni dei pi\u00f9 importanti progetti del \u00abMade in Italy\u00bb sono stati creati anche da donne? PINK: Donne del design grafico italiano. Dalle origini alla contemporaneit\u00e0, una mostra fotografica e video che ricostruisce il loro percorso dal dopoguerra fino ai giorni nostri. Un\u2019opportunit\u00e0 unica per scoprire le designer che hanno trasformato il design italiano [&hellip;]<\/p>\n                                <a title=\"PINK Donne del progetto grafico italiano. Dalle origini alla contemporaneita\u2019\" class=\"read-more\" href=\"https:\/\/consbahiablanca.esteri.it\/it\/news\/dal_consolato\/2026\/09\/pink-donne-del-progetto-grafico-italiano-dalle-origini-alla-contemporaneita-2\/\">\n                                    <span class=\"text\">Leggi di pi\u00f9<\/span>\n                                    <svg class=\"icon\">\n                                    <use xlink:href=\"https:\/\/consbahiablanca.esteri.it\/wp-content\/themes\/sedi-tema\/assets\/svg\/sprites.svg#it-arrow-right\"><\/use>\n                                    <\/svg>\n                                <\/a>\n                                                    <\/div>\n                    <\/div>\n                <\/div>\n                <!--end card-->\n                <\/div><!-- col-12 .mt-3-->\n                            <div class=\"col-12 mt-3\">\n                <!--start card-->\n                <div class=\"card-wrapper card-space\">\n                    <div class=\"card card-bg card-big border-bottom-card\">\n                        <div class=\"card-body \">\n                                                        <div class=\"category-top\">\n                                                                                                            <span class=\"\">\n                                        <svg class=\"icon icon-secondary\">\n                                            <use xlink:href=\"https:\/\/consbahiablanca.esteri.it\/wp-content\/themes\/sedi-tema\/assets\/svg\/sprites.svg#it-calendar\"><\/use>\n                                        <\/svg> 20 Agosto 2026                                    <\/span>\n                                                                    <\/div>\n                            <h5 class=\"card-title big-heading text-uppercase\"><a class=\"text-body text-decoration-none\" href=\"https:\/\/consbahiablanca.esteri.it\/it\/news\/dal_consolato\/2026\/08\/80-anni-di-vespa-piaggio\/\" title=\"80 anni di Vespa Piaggio\">80 anni di Vespa Piaggio<\/a><\/h5>\n                            <p class=\"card-text\">\ud83d\udef5 80 anni di Vespa Piaggio un&#8217;icona italiana dal 1946 ad oggi, senza frontiere, senza limiti alla passione per il Made in Italy. \ud83d\ude4c Festeggiamo con il Vespa Club Bah\u00eda Blanca, che ha organizzato la prima gymkhana competitiva in Argentina. \u00c8 bellissimo constatare come la Vespa \u00e8 effettivamente il presente e l&#8217;attualit\u00e0 dell&#8217;eccellenza italiana, che [&hellip;]<\/p>\n                                <a title=\"80 anni di Vespa Piaggio\" class=\"read-more\" href=\"https:\/\/consbahiablanca.esteri.it\/it\/news\/dal_consolato\/2026\/08\/80-anni-di-vespa-piaggio\/\">\n                                    <span class=\"text\">Leggi di pi\u00f9<\/span>\n                                    <svg class=\"icon\">\n                                    <use xlink:href=\"https:\/\/consbahiablanca.esteri.it\/wp-content\/themes\/sedi-tema\/assets\/svg\/sprites.svg#it-arrow-right\"><\/use>\n                                    <\/svg>\n                                <\/a>\n                                                    <\/div>\n                    <\/div>\n                <\/div>\n                <!--end card-->\n                <\/div><!-- col-12 .mt-3-->\n                            <div class=\"col-12 mt-3\">\n                <!--start card-->\n                <div class=\"card-wrapper card-space\">\n                    <div class=\"card card-bg card-big border-bottom-card\">\n                        <div class=\"card-body \">\n                                                        <div class=\"category-top\">\n                                                                                                            <span class=\"\">\n                                        <svg class=\"icon icon-secondary\">\n                                            <use xlink:href=\"https:\/\/consbahiablanca.esteri.it\/wp-content\/themes\/sedi-tema\/assets\/svg\/sprites.svg#it-calendar\"><\/use>\n                                        <\/svg> 19 Agosto 2026                                    <\/span>\n                                                                    <\/div>\n                            <h5 class=\"card-title big-heading text-uppercase\"><a class=\"text-body text-decoration-none\" href=\"https:\/\/consbahiablanca.esteri.it\/it\/news\/dal_consolato\/2026\/08\/antonela-di-matteo-strizzi\/\" title=\"Antonela Di Matteo Strizzi\">Antonela Di Matteo Strizzi<\/a><\/h5>\n                            <p class=\"card-text\">Il Consolato Generale d&#8217;Italia a Bahia Blanca si stringe alla famiglia della carissima Antonela Di Matteo Strizzi, condividendo il dolore per la sua dipartita. &nbsp; Antonela \u00e8 nei cuori e nelle menti di tutto il personale del Consolato, degli amici e delle moltissime persone che hanno conosciuto la sua professionalit\u00e0, umanit\u00e0 e generosit\u00e0. &nbsp; Buon [&hellip;]<\/p>\n                                <a title=\"Antonela Di Matteo Strizzi\" class=\"read-more\" href=\"https:\/\/consbahiablanca.esteri.it\/it\/news\/dal_consolato\/2026\/08\/antonela-di-matteo-strizzi\/\">\n                                    <span class=\"text\">Leggi di pi\u00f9<\/span>\n                                    <svg class=\"icon\">\n                                    <use xlink:href=\"https:\/\/consbahiablanca.esteri.it\/wp-content\/themes\/sedi-tema\/assets\/svg\/sprites.svg#it-arrow-right\"><\/use>\n                                    <\/svg>\n                                <\/a>\n                                                    <\/div>\n                    <\/div>\n                <\/div>\n                <!--end card-->\n                <\/div><!-- col-12 .mt-3-->\n                            <div class=\"col-12 mt-3\">\n                <!--start card-->\n                <div class=\"card-wrapper card-space\">\n                    <div class=\"card card-bg card-big border-bottom-card\">\n                        <div class=\"card-body \">\n                                                        <div class=\"category-top\">\n                                                                                                            <span class=\"\">\n                                        <svg class=\"icon icon-secondary\">\n                                            <use xlink:href=\"https:\/\/consbahiablanca.esteri.it\/wp-content\/themes\/sedi-tema\/assets\/svg\/sprites.svg#it-calendar\"><\/use>\n                                        <\/svg> 11 Agosto 2026                                    <\/span>\n                                                                    <\/div>\n                            <h5 class=\"card-title big-heading text-uppercase\"><a class=\"text-body text-decoration-none\" href=\"https:\/\/consbahiablanca.esteri.it\/it\/news\/dal_consolato\/2026\/08\/visita-del-console-generale-a-general-pico-la-pampa\/\" title=\"Visita del Console Generale a General Pico (La Pampa)\">Visita del Console Generale a General Pico (La Pampa)<\/a><\/h5>\n                            <p class=\"card-text\">Organizzato e promosso dall\u2019Associazione Italiana \u201cXX Settembre\u201d di General Pico, il X Festival Nacional de Cine \u00e8 un\u2019importante vetrina per il cinema italiano, grazie a una rassegna dedicata. Ho partecipato all\u2019apertura della Rassegna Italiana, sabato 8 agosto, con la proiezione del film \u201cTesta o Croce\u201d, recente opera dei registi Alessio Rigo de Righi e Matteo [&hellip;]<\/p>\n                                <a title=\"Visita del Console Generale a General Pico (La Pampa)\" class=\"read-more\" href=\"https:\/\/consbahiablanca.esteri.it\/it\/news\/dal_consolato\/2026\/08\/visita-del-console-generale-a-general-pico-la-pampa\/\">\n                                    <span class=\"text\">Leggi di pi\u00f9<\/span>\n                                    <svg class=\"icon\">\n                                    <use xlink:href=\"https:\/\/consbahiablanca.esteri.it\/wp-content\/themes\/sedi-tema\/assets\/svg\/sprites.svg#it-arrow-right\"><\/use>\n                                    <\/svg>\n                                <\/a>\n                                                    <\/div>\n                    <\/div>\n                <\/div>\n                <!--end card-->\n                <\/div><!-- col-12 .mt-3-->\n                            <div class=\"col-12 mt-3\">\n                <!--start card-->\n                <div class=\"card-wrapper card-space\">\n                    <div class=\"card card-bg card-big border-bottom-card\">\n                        <div class=\"card-body \">\n                                                        <div class=\"category-top\">\n                                                                                                            <span class=\"\">\n                                        <svg class=\"icon icon-secondary\">\n                                            <use xlink:href=\"https:\/\/consbahiablanca.esteri.it\/wp-content\/themes\/sedi-tema\/assets\/svg\/sprites.svg#it-calendar\"><\/use>\n                                        <\/svg> 11 Agosto 2026                                    <\/span>\n                                                                    <\/div>\n                            <h5 class=\"card-title big-heading text-uppercase\"><a class=\"text-body text-decoration-none\" href=\"https:\/\/consbahiablanca.esteri.it\/it\/news\/dal_consolato\/2026\/08\/apertura-appuntamenti-provincia-la-pampa\/\" title=\"Apertura appuntamenti Passaporti provincia La Pampa\">Apertura appuntamenti Passaporti provincia La Pampa<\/a><\/h5>\n                            <p class=\"card-text\">A partire dalle ore 15.00 del giorno 21\/04\/2026 i soli cittadini italiani residenti nella provincia de La Pampa -i turni conseguiti da residenti in altre province saranno annullati- potranno prenotare, attraverso il sistema di prenotazione Prenot@mi, un turno per presentare istanza per il rilascio del passaporto nelle date disponibili nei mesi da maggio a settembre [&hellip;]<\/p>\n                                <a title=\"Apertura appuntamenti Passaporti provincia La Pampa\" class=\"read-more\" href=\"https:\/\/consbahiablanca.esteri.it\/it\/news\/dal_consolato\/2026\/08\/apertura-appuntamenti-provincia-la-pampa\/\">\n                                    <span class=\"text\">Leggi di pi\u00f9<\/span>\n                                    <svg class=\"icon\">\n                                    <use xlink:href=\"https:\/\/consbahiablanca.esteri.it\/wp-content\/themes\/sedi-tema\/assets\/svg\/sprites.svg#it-arrow-right\"><\/use>\n                                    <\/svg>\n                                <\/a>\n                                                    <\/div>\n                    <\/div>\n                <\/div>\n                <!--end card-->\n                <\/div><!-- col-12 .mt-3-->\n                            <div class=\"col-12 mt-3\">\n                <!--start card-->\n                <div class=\"card-wrapper card-space\">\n                    <div class=\"card card-bg card-big border-bottom-card\">\n                        <div class=\"card-body \">\n                                                        <div class=\"category-top\">\n                                                                                                            <span class=\"\">\n                                        <svg class=\"icon icon-secondary\">\n                                            <use xlink:href=\"https:\/\/consbahiablanca.esteri.it\/wp-content\/themes\/sedi-tema\/assets\/svg\/sprites.svg#it-calendar\"><\/use>\n                                        <\/svg> 7 Agosto 2026                                    <\/span>\n                                                                    <\/div>\n                            <h5 class=\"card-title big-heading text-uppercase\"><a class=\"text-body text-decoration-none\" href=\"https:\/\/consbahiablanca.esteri.it\/it\/news\/dal_consolato\/2026\/08\/messaggio-del-vice-presidente-del-consiglio-dei-ministri-e-ministro-degli-affari-esteri-e-della-cooperazione-internazionale-on-antonio-tajani-in-occasione-del-70-anniversario-della-tragedia-d\/\" title=\"MESSAGGIO DEL VICE PRESIDENTE DEL CONSIGLIO DEI MINISTRI E MINISTRO DEGLI AFFARI ESTERI E DELLA COOPERAZIONE INTERNAZIONALE, ON. ANTONIO TAJANI, IN OCCASIONE DEL 70\u00b0 ANNIVERSARIO DELLA TRAGEDIA DI MARCINELLE E DELLA 25\u00aa GIORNATA NAZIONALE DEL SACRIFICIO DEL LAVORO ITALIANO NEL MONDO.\">MESSAGGIO DEL VICE PRESIDENTE DEL CONSIGLIO DEI MINISTRI E MINISTRO DEGLI AFFARI ESTERI E DELLA COOPERAZIONE INTERNAZIONALE, ON. ANTONIO TAJANI, IN OCCASIONE DEL 70\u00b0 ANNIVERSARIO DELLA TRAGEDIA DI MARCINELLE E DELLA 25\u00aa GIORNATA NAZIONALE DEL SACRIFICIO DEL LAVORO ITALIANO NEL MONDO.<\/a><\/h5>\n                            <p class=\"card-text\">Settant\u2019anni fa, l\u20198 agosto 1956, Marcinelle entr\u00f2 per sempre nella memoria collettiva del nostro Paese e dell\u2019Europa. Nel pozzo del Bois du Cazier persero la vita 262 lavoratori di dodici nazionalit\u00e0, di cui 136 italiani. Oggi li ricordiamo uno ad uno. Dietro quei numeri vi erano nomi, volti, famiglie, speranze. Uomini partiti per costruire, attraverso [&hellip;]<\/p>\n                                <a title=\"MESSAGGIO DEL VICE PRESIDENTE DEL CONSIGLIO DEI MINISTRI E MINISTRO DEGLI AFFARI ESTERI E DELLA COOPERAZIONE INTERNAZIONALE, ON. ANTONIO TAJANI, IN OCCASIONE DEL 70\u00b0 ANNIVERSARIO DELLA TRAGEDIA DI MARCINELLE E DELLA 25\u00aa GIORNATA NAZIONALE DEL SACRIFICIO DEL LAVORO ITALIANO NEL MONDO.\" class=\"read-more\" href=\"https:\/\/consbahiablanca.esteri.it\/it\/news\/dal_consolato\/2026\/08\/messaggio-del-vice-presidente-del-consiglio-dei-ministri-e-ministro-degli-affari-esteri-e-della-cooperazione-internazionale-on-antonio-tajani-in-occasione-del-70-anniversario-della-tragedia-d\/\">\n                                    <span class=\"text\">Leggi di pi\u00f9<\/span>\n                                    <svg class=\"icon\">\n                                    <use xlink:href=\"https:\/\/consbahiablanca.esteri.it\/wp-content\/themes\/sedi-tema\/assets\/svg\/sprites.svg#it-arrow-right\"><\/use>\n                                    <\/svg>\n                                <\/a>\n                                                    <\/div>\n                    <\/div>\n                <\/div>\n                <!--end card-->\n                <\/div><!-- col-12 .mt-3-->\n                            <div class=\"col-12 mt-3\">\n                <!--start card-->\n                <div class=\"card-wrapper card-space\">\n                    <div class=\"card card-bg card-big border-bottom-card\">\n                        <div class=\"card-body \">\n                                                        <div class=\"category-top\">\n                                                                                                            <span class=\"\">\n                                        <svg class=\"icon icon-secondary\">\n                                            <use xlink:href=\"https:\/\/consbahiablanca.esteri.it\/wp-content\/themes\/sedi-tema\/assets\/svg\/sprites.svg#it-calendar\"><\/use>\n                                        <\/svg> 21 Luglio 2026                                    <\/span>\n                                                                    <\/div>\n                            <h5 class=\"card-title big-heading text-uppercase\"><a class=\"text-body text-decoration-none\" href=\"https:\/\/consbahiablanca.esteri.it\/it\/news\/dal_consolato\/2026\/07\/elezioni-dei-comites-2026\/\" title=\"Elezioni dei COMITES 2026\">Elezioni dei COMITES 2026<\/a><\/h5>\n                            <p class=\"card-text\">ELEZIONI COM.IT.ES. 2026 &#8211;\u00a0Predisposizione e presentazione liste elettorali MODALITA\u2019 PER LA RICHIESTA DI ISCRIZIONE NELL\u2019ELENCO ELETTORALE Nel 2026 avranno luogo le elezioni per il per il rinnovo dei Comitati degli Italiani all\u2019Estero (Com.It.Es). I Com.It.Es. sono organismi che rappresentano i connazionali all\u2019estero nei rapporti con Ambasciate e Consolati e ne favoriscono l\u2019integrazione. Hanno inoltre il [&hellip;]<\/p>\n                                <a title=\"Elezioni dei COMITES 2026\" class=\"read-more\" href=\"https:\/\/consbahiablanca.esteri.it\/it\/news\/dal_consolato\/2026\/07\/elezioni-dei-comites-2026\/\">\n                                    <span class=\"text\">Leggi di pi\u00f9<\/span>\n                                    <svg class=\"icon\">\n                                    <use xlink:href=\"https:\/\/consbahiablanca.esteri.it\/wp-content\/themes\/sedi-tema\/assets\/svg\/sprites.svg#it-arrow-right\"><\/use>\n                                    <\/svg>\n                                <\/a>\n                                                    <\/div>\n                    <\/div>\n                <\/div>\n                <!--end card-->\n                <\/div><!-- col-12 .mt-3-->\n                            <div class=\"col-12 mt-3\">\n                <!--start card-->\n                <div class=\"card-wrapper card-space\">\n                    <div class=\"card card-bg card-big border-bottom-card\">\n                        <div class=\"card-body \">\n                                                        <div class=\"category-top\">\n                                                                                                            <span class=\"\">\n                                        <svg class=\"icon icon-secondary\">\n                                            <use xlink:href=\"https:\/\/consbahiablanca.esteri.it\/wp-content\/themes\/sedi-tema\/assets\/svg\/sprites.svg#it-calendar\"><\/use>\n                                        <\/svg> 20 Luglio 2026                                    <\/span>\n                                                                    <\/div>\n                            <h5 class=\"card-title big-heading text-uppercase\"><a class=\"text-body text-decoration-none\" href=\"https:\/\/consbahiablanca.esteri.it\/it\/news\/dal_consolato\/2026\/07\/diplomatura-en-estudios-y-gestion-de-instituciones-de-la-colectividad-italiana-en-argentina\/\" title=\"Diplomatura en Estudios y Gesti\u00f3n de Instituciones de la colectividad italiana en Argentina\">Diplomatura en Estudios y Gesti\u00f3n de Instituciones de la colectividad italiana en Argentina<\/a><\/h5>\n                            <p class=\"card-text\">La Diplomatura en Estudios y Gesti\u00f3n de Instituciones de la colectividad italiana en Argentina, organizzata dal Centro \u00cdtalo-Argentino de Altos Estudios\u00a0(CIAAE) dell&#8217;Universit\u00e0 di Buenos Aires, si propone di rafforzare il presente e il futuro delle istituzioni italiane nel Paese, promuovendo la formazione di nuove generazioni di dirigenti e la realizzazione di progetti innovativi. Con il [&hellip;]<\/p>\n                                <a title=\"Diplomatura en Estudios y Gesti\u00f3n de Instituciones de la colectividad italiana en Argentina\" class=\"read-more\" href=\"https:\/\/consbahiablanca.esteri.it\/it\/news\/dal_consolato\/2026\/07\/diplomatura-en-estudios-y-gestion-de-instituciones-de-la-colectividad-italiana-en-argentina\/\">\n                                    <span class=\"text\">Leggi di pi\u00f9<\/span>\n                                    <svg class=\"icon\">\n                                    <use xlink:href=\"https:\/\/consbahiablanca.esteri.it\/wp-content\/themes\/sedi-tema\/assets\/svg\/sprites.svg#it-arrow-right\"><\/use>\n                                    <\/svg>\n                                <\/a>\n                                                    <\/div>\n                    <\/div>\n                <\/div>\n                <!--end card-->\n                <\/div><!-- col-12 .mt-3-->\n                            <div class=\"col-12 mt-3\">\n                <!--start card-->\n                <div class=\"card-wrapper card-space\">\n                    <div class=\"card card-bg card-big border-bottom-card\">\n                        <div class=\"card-body \">\n                                                        <div class=\"category-top\">\n                                                                                                            <span class=\"\">\n                                        <svg class=\"icon icon-secondary\">\n                                            <use xlink:href=\"https:\/\/consbahiablanca.esteri.it\/wp-content\/themes\/sedi-tema\/assets\/svg\/sprites.svg#it-calendar\"><\/use>\n                                        <\/svg> 13 Luglio 2026                                    <\/span>\n                                                                    <\/div>\n                            <h5 class=\"card-title big-heading text-uppercase\"><a class=\"text-body text-decoration-none\" href=\"https:\/\/consbahiablanca.esteri.it\/it\/news\/dal_consolato\/2026\/07\/avviso-di-ricerca-di-un-agente-consolare-onorario-a-ushuaia-provincia-di-tierra-del-fuego-2\/\" title=\"Avviso di ricerca di un Agente Consolare Onorario a Ushuaia, provincia di Tierra del Fuego\">Avviso di ricerca di un Agente Consolare Onorario a Ushuaia, provincia di Tierra del Fuego<\/a><\/h5>\n                            <p class=\"card-text\">E\u2019 stato pubblicato l&#8217;avviso di ricerca di un Agente Consolare Onorario a Ushuaia. La scadenza per la presentazione delle candidature e\u2019 il prossimo 31 agosto 2026.<\/p>\n                                <a title=\"Avviso di ricerca di un Agente Consolare Onorario a Ushuaia, provincia di Tierra del Fuego\" class=\"read-more\" href=\"https:\/\/consbahiablanca.esteri.it\/it\/news\/dal_consolato\/2026\/07\/avviso-di-ricerca-di-un-agente-consolare-onorario-a-ushuaia-provincia-di-tierra-del-fuego-2\/\">\n                                    <span class=\"text\">Leggi di pi\u00f9<\/span>\n                                    <svg class=\"icon\">\n                                    <use xlink:href=\"https:\/\/consbahiablanca.esteri.it\/wp-content\/themes\/sedi-tema\/assets\/svg\/sprites.svg#it-arrow-right\"><\/use>\n                                    <\/svg>\n                                <\/a>\n                                                    <\/div>\n                    <\/div>\n                <\/div>\n                <!--end card-->\n                <\/div><!-- col-12 .mt-3-->\n                            <div class=\"col-12 mt-3\">\n                <!--start card-->\n                <div class=\"card-wrapper card-space\">\n                    <div class=\"card card-bg card-big border-bottom-card\">\n                        <div class=\"card-body \">\n                                                        <div class=\"category-top\">\n                                                                                                            <span class=\"\">\n                                        <svg class=\"icon icon-secondary\">\n                                            <use xlink:href=\"https:\/\/consbahiablanca.esteri.it\/wp-content\/themes\/sedi-tema\/assets\/svg\/sprites.svg#it-calendar\"><\/use>\n                                        <\/svg> 13 Luglio 2026                                    <\/span>\n                                                                    <\/div>\n                            <h5 class=\"card-title big-heading text-uppercase\"><a class=\"text-body text-decoration-none\" href=\"https:\/\/consbahiablanca.esteri.it\/it\/news\/dal_consolato\/2026\/07\/cessazione-della-validita-della-carta-didentita-cartacea-per-lespatrio-dal-3-agosto\/\" title=\"Cessazione della validit\u00e0 della carta d\u2019identit\u00e0 cartacea per l\u2019espatrio dal 3 agosto\">Cessazione della validit\u00e0 della carta d\u2019identit\u00e0 cartacea per l\u2019espatrio dal 3 agosto<\/a><\/h5>\n                            <p class=\"card-text\">A partire dal 3 agosto 2026 la versione cartacea della carta di identit\u00e0 cesser\u00e0 di essere valida per l\u2019espatrio, indipendentemente dalla data di scadenza riportata sul retro. Il DL 26\/06\/2026 n.108 ha introdotto alcune modifiche importanti: La Carta d\u2019Identit\u00e0 Cartacea non scaduta pu\u00f2 essere utilizzata come strumento identificativo nei rapporti con la Pubblica Amministrazione italiana [&hellip;]<\/p>\n                                <a title=\"Cessazione della validit\u00e0 della carta d\u2019identit\u00e0 cartacea per l\u2019espatrio dal 3 agosto\" class=\"read-more\" href=\"https:\/\/consbahiablanca.esteri.it\/it\/news\/dal_consolato\/2026\/07\/cessazione-della-validita-della-carta-didentita-cartacea-per-lespatrio-dal-3-agosto\/\">\n                                    <span class=\"text\">Leggi di pi\u00f9<\/span>\n                                    <svg class=\"icon\">\n                                    <use xlink:href=\"https:\/\/consbahiablanca.esteri.it\/wp-content\/themes\/sedi-tema\/assets\/svg\/sprites.svg#it-arrow-right\"><\/use>\n                                    <\/svg>\n                                <\/a>\n                                                    <\/div>\n                    <\/div>\n                <\/div>\n                <!--end card-->\n                <\/div><!-- col-12 .mt-3-->\n            \n            <div class=\"col-md-12 mt-4 pb-4\">\n                <nav class=\"navigation col-md-12\" aria-label=\"Navigation\">\n                    <h2 class=\"screen-reader-text visually-hidden\">Paginazione<\/h2>\n                    <div class=\"nav-links\">\n                    <span aria-current=\"page\" class=\"page-numbers current\">1<\/span>\n<a class=\"page-numbers\" href=\"https:\/\/consbahiablanca.esteri.it\/it\/wp-json\/wp\/v2\/pages\/21\/?pag=2\">2<\/a>\n<a class=\"page-numbers\" href=\"https:\/\/consbahiablanca.esteri.it\/it\/wp-json\/wp\/v2\/pages\/21\/?pag=3\">3<\/a>\n<span class=\"page-numbers dots\">&hellip;<\/span>\n<a class=\"page-numbers\" href=\"https:\/\/consbahiablanca.esteri.it\/it\/wp-json\/wp\/v2\/pages\/21\/?pag=131\">131<\/a>\n<a class=\"next page-numbers\" href=\"https:\/\/consbahiablanca.esteri.it\/it\/wp-json\/wp\/v2\/pages\/21\/?pag=2\"><svg class=\"icon icon-primary\"><use xlink:href=\"https:\/\/consbahiablanca.esteri.it\/wp-content\/themes\/sedi-tema\/assets\/svg\/sprites.svg#it-chevron-right\"><\/use><\/svg>\n                                    <span class=\"visually-hidden\">Pagina successiva<\/span><\/a>                    <\/div>\n                <\/nav>\n            <\/div>   <!--.col-md-12 -->\n              <\/div><!--.row -->\n              \n","protected":false},"excerpt":{"rendered":"","protected":false},"author":1,"featured_media":0,"parent":0,"menu_order":10,"comment_status":"closed","ping_status":"closed","template":"","meta":{"footnotes":""},"class_list":["post-21","page","type-page","status-publish","hentry"],"_links":{"self":[{"href":"https:\/\/consbahiablanca.esteri.it\/it\/wp-json\/wp\/v2\/pages\/21","targetHints":{"allow":["GET"]}}],"collection":[{"href":"https:\/\/consbahiablanca.esteri.it\/it\/wp-json\/wp\/v2\/pages"}],"about":[{"href":"https:\/\/consbahiablanca.esteri.it\/it\/wp-json\/wp\/v2\/types\/page"}],"author":[{"embeddable":true,"href":"https:\/\/consbahiablanca.esteri.it\/it\/wp-json\/wp\/v2\/users\/1"}],"replies":[{"embeddable":true,"href":"https:\/\/consbahiablanca.esteri.it\/it\/wp-json\/wp\/v2\/comments?post=21"}],"version-history":[{"count":0,"href":"https:\/\/consbahiablanca.esteri.it\/it\/wp-json\/wp\/v2\/pages\/21\/revisions"}],"wp:attachment":[{"href":"https:\/\/consbahiablanca.esteri.it\/it\/wp-json\/wp\/v2\/media?parent=21"}],"curies":[{"name":"wp","href":"https:\/\/api.w.org\/{rel}","templated":true}]}}